{"id":6,"date":"2023-04-24T21:54:24","date_gmt":"2023-04-25T00:54:24","guid":{"rendered":"https:\/\/forma.ufes.br\/modelos\/?page_id=6"},"modified":"2024-05-08T13:15:40","modified_gmt":"2024-05-08T16:15:40","slug":"sobre","status":"publish","type":"page","link":"https:\/\/forma.ufes.br\/2024\/sobre\/","title":{"rendered":"Sobre"},"content":{"rendered":"\n<p class=\"wp-block-paragraph\">O <strong>Grupo de Pesquisa em Formaliza\u00e7\u00f5es Matem\u00e1ticas da Cogni\u00e7\u00e3o e Design (Forma)<\/strong> consiste em grupo de pesquisa interdepartamental que tem como objetivo pesquisar teorias, modelos e formaliza\u00e7\u00f5es matem\u00e1ticas da cogni\u00e7\u00e3o humana e suas aplica\u00e7\u00f5es ao design de intera\u00e7\u00e3o humano-computador. Trata-se da quarta itera\u00e7\u00e3o das pesquisas iniciadas pelo N\u00facleo de Interfaces Computacionais (2009-2012), seguidas pelo Laborat\u00f3rio de Psicologia da Computa\u00e7\u00e3o (2012-2014) e Laborat\u00f3rio e Observat\u00f3rio de Ontologias Projetuais (2014-2022). <\/p>\n\n\n\n<p class=\"wp-block-paragraph\">O funcionamento do grupo envolve docentes e discentes de gradua\u00e7\u00e3o e p\u00f3s-gradua\u00e7\u00e3o do Departamento de Desenho Industrial (Centro de Artes) e do Programa de P\u00f3s-Gradua\u00e7\u00e3o em Psicologia (PPGP) do Departamento de Psicologia Social e do Desenvolvimento (Centro de Ci\u00eancias Humanas e Naturais) da UFES.<\/p>\n\n\n\n<p class=\"wp-block-paragraph\">O Forma tem as ci\u00eancias cognitivas como bases epistemol\u00f3gicas e a intera\u00e7\u00e3o humano-computador como \u00e1rea de aplica\u00e7\u00e3o, atuando em duas linhas de pesquisa: 1) <em>Modelagem <\/em>Cognitiva, orientada ao desenvolvimento de teorias e modelos matem\u00e1ticos da cogni\u00e7\u00e3o humana; e 2) <em>Intera\u00e7\u00e3o Humano-Computador<\/em>, dedicada ao projeto e avalia\u00e7\u00e3o sistemas computacionais baseados nos modelos propostos por pesquisas da linha 1.<\/p>\n\n\n\n<h2 class=\"wp-block-heading\">Equipe (2024-2025)<\/h2>\n\n\n\n<figure class=\"wp-block-gallery has-nested-images columns-3 is-cropped wp-block-gallery-1 is-layout-flex wp-block-gallery-is-layout-flex\">\n<figure class=\"wp-block-image size-full\"><a href=\"https:\/\/forma.ufes.br\/daniel-barbosa-ferreira\/\"><img loading=\"lazy\" decoding=\"async\" width=\"561\" height=\"561\" data-id=\"270\" src=\"https:\/\/forma.ufes.br\/wp-content\/uploads\/2023\/09\/WhatsApp-Image-2023-07-11-at-14.10.03-Daniel-Barbosa-Ferreira.jpeg\" alt=\"\" class=\"wp-image-270\" srcset=\"https:\/\/forma.ufes.br\/2024\/wp-content\/uploads\/2023\/09\/WhatsApp-Image-2023-07-11-at-14.10.03-Daniel-Barbosa-Ferreira.jpeg 561w, https:\/\/forma.ufes.br\/2024\/wp-content\/uploads\/2023\/09\/WhatsApp-Image-2023-07-11-at-14.10.03-Daniel-Barbosa-Ferreira-300x300.jpeg 300w, https:\/\/forma.ufes.br\/2024\/wp-content\/uploads\/2023\/09\/WhatsApp-Image-2023-07-11-at-14.10.03-Daniel-Barbosa-Ferreira-150x150.jpeg 150w\" sizes=\"auto, (max-width: 561px) 100vw, 561px\" \/><\/a><figcaption class=\"wp-element-caption\">Daniel Barbosa<\/figcaption><\/figure>\n\n\n\n<figure class=\"wp-block-image size-full\"><img loading=\"lazy\" decoding=\"async\" width=\"480\" height=\"480\" data-id=\"581\" src=\"https:\/\/forma.ufes.br\/wp-content\/uploads\/2024\/05\/ana-clara-edited.jpeg\" alt=\"\" class=\"wp-image-581\" srcset=\"https:\/\/forma.ufes.br\/2024\/wp-content\/uploads\/2024\/05\/ana-clara-edited.jpeg 480w, https:\/\/forma.ufes.br\/2024\/wp-content\/uploads\/2024\/05\/ana-clara-edited-300x300.jpeg 300w, https:\/\/forma.ufes.br\/2024\/wp-content\/uploads\/2024\/05\/ana-clara-edited-150x150.jpeg 150w\" sizes=\"auto, (max-width: 480px) 100vw, 480px\" \/><figcaption class=\"wp-element-caption\">Ana Clara<\/figcaption><\/figure>\n\n\n\n<figure class=\"wp-block-image size-full\"><a href=\"https:\/\/forma.ufes.br\/daniel-falcao\/\"><img loading=\"lazy\" decoding=\"async\" width=\"960\" height=\"960\" data-id=\"278\" src=\"https:\/\/forma.ufes.br\/wp-content\/uploads\/2023\/09\/WhatsApp-Image-2023-05-30-at-16.26.35-1-Daniel-Falcao-dos-Santos.jpeg\" alt=\"\" class=\"wp-image-278\" srcset=\"https:\/\/forma.ufes.br\/2024\/wp-content\/uploads\/2023\/09\/WhatsApp-Image-2023-05-30-at-16.26.35-1-Daniel-Falcao-dos-Santos.jpeg 960w, https:\/\/forma.ufes.br\/2024\/wp-content\/uploads\/2023\/09\/WhatsApp-Image-2023-05-30-at-16.26.35-1-Daniel-Falcao-dos-Santos-300x300.jpeg 300w, https:\/\/forma.ufes.br\/2024\/wp-content\/uploads\/2023\/09\/WhatsApp-Image-2023-05-30-at-16.26.35-1-Daniel-Falcao-dos-Santos-150x150.jpeg 150w, https:\/\/forma.ufes.br\/2024\/wp-content\/uploads\/2023\/09\/WhatsApp-Image-2023-05-30-at-16.26.35-1-Daniel-Falcao-dos-Santos-768x768.jpeg 768w\" sizes=\"auto, (max-width: 960px) 100vw, 960px\" \/><\/a><figcaption class=\"wp-element-caption\">Daniel Falc\u00e3o<\/figcaption><\/figure>\n\n\n\n<figure class=\"wp-block-image size-full\"><img loading=\"lazy\" decoding=\"async\" width=\"1280\" height=\"1280\" data-id=\"576\" src=\"https:\/\/forma.ufes.br\/wp-content\/uploads\/2024\/05\/henrique.jpeg\" alt=\"\" class=\"wp-image-576\" srcset=\"https:\/\/forma.ufes.br\/2024\/wp-content\/uploads\/2024\/05\/henrique.jpeg 1280w, https:\/\/forma.ufes.br\/2024\/wp-content\/uploads\/2024\/05\/henrique-300x300.jpeg 300w, https:\/\/forma.ufes.br\/2024\/wp-content\/uploads\/2024\/05\/henrique-1024x1024.jpeg 1024w, https:\/\/forma.ufes.br\/2024\/wp-content\/uploads\/2024\/05\/henrique-150x150.jpeg 150w, https:\/\/forma.ufes.br\/2024\/wp-content\/uploads\/2024\/05\/henrique-768x768.jpeg 768w, https:\/\/forma.ufes.br\/2024\/wp-content\/uploads\/2024\/05\/henrique-1200x1200.jpeg 1200w\" sizes=\"auto, (max-width: 1280px) 100vw, 1280px\" \/><figcaption class=\"wp-element-caption\">Henrique<\/figcaption><\/figure>\n\n\n\n<figure class=\"wp-block-image size-full\"><a href=\"https:\/\/forma.ufes.br\/sobre\/hugo-cristo-santanna\/\"><img loading=\"lazy\" decoding=\"async\" width=\"720\" height=\"720\" data-id=\"66\" src=\"https:\/\/forma.ufes.br\/wp-content\/uploads\/2023\/07\/colonia-2022-quad.jpg\" alt=\"\" class=\"wp-image-66\" srcset=\"https:\/\/forma.ufes.br\/2024\/wp-content\/uploads\/2023\/07\/colonia-2022-quad.jpg 720w, https:\/\/forma.ufes.br\/2024\/wp-content\/uploads\/2023\/07\/colonia-2022-quad-300x300.jpg 300w, https:\/\/forma.ufes.br\/2024\/wp-content\/uploads\/2023\/07\/colonia-2022-quad-150x150.jpg 150w\" sizes=\"auto, (max-width: 720px) 100vw, 720px\" \/><\/a><figcaption class=\"wp-element-caption\">Hugo Cristo<\/figcaption><\/figure>\n\n\n\n<figure class=\"wp-block-image size-full\"><a href=\"https:\/\/forma.ufes.br\/isabela-oliveira-da-silva-2\/\"><img loading=\"lazy\" decoding=\"async\" width=\"2234\" height=\"2234\" data-id=\"302\" src=\"https:\/\/forma.ufes.br\/wp-content\/uploads\/2023\/09\/Isabela-Oliveira-da-Silva.png\" alt=\"\" class=\"wp-image-302\" srcset=\"https:\/\/forma.ufes.br\/2024\/wp-content\/uploads\/2023\/09\/Isabela-Oliveira-da-Silva.png 2234w, https:\/\/forma.ufes.br\/2024\/wp-content\/uploads\/2023\/09\/Isabela-Oliveira-da-Silva-300x300.png 300w, https:\/\/forma.ufes.br\/2024\/wp-content\/uploads\/2023\/09\/Isabela-Oliveira-da-Silva-1024x1024.png 1024w, https:\/\/forma.ufes.br\/2024\/wp-content\/uploads\/2023\/09\/Isabela-Oliveira-da-Silva-150x150.png 150w, https:\/\/forma.ufes.br\/2024\/wp-content\/uploads\/2023\/09\/Isabela-Oliveira-da-Silva-768x768.png 768w, https:\/\/forma.ufes.br\/2024\/wp-content\/uploads\/2023\/09\/Isabela-Oliveira-da-Silva-1536x1536.png 1536w, https:\/\/forma.ufes.br\/2024\/wp-content\/uploads\/2023\/09\/Isabela-Oliveira-da-Silva-2048x2048.png 2048w, https:\/\/forma.ufes.br\/2024\/wp-content\/uploads\/2023\/09\/Isabela-Oliveira-da-Silva-1200x1200.png 1200w, https:\/\/forma.ufes.br\/2024\/wp-content\/uploads\/2023\/09\/Isabela-Oliveira-da-Silva-1860x1860.png 1860w\" sizes=\"auto, (max-width: 2234px) 100vw, 2234px\" \/><\/a><figcaption class=\"wp-element-caption\">Isabela<\/figcaption><\/figure>\n\n\n\n<figure class=\"wp-block-image size-full\"><img loading=\"lazy\" decoding=\"async\" width=\"860\" height=\"900\" data-id=\"213\" src=\"https:\/\/forma.ufes.br\/wp-content\/uploads\/2023\/07\/iu-10.png\" alt=\"\" class=\"wp-image-213\" srcset=\"https:\/\/forma.ufes.br\/2024\/wp-content\/uploads\/2023\/07\/iu-10.png 860w, https:\/\/forma.ufes.br\/2024\/wp-content\/uploads\/2023\/07\/iu-10-287x300.png 287w, https:\/\/forma.ufes.br\/2024\/wp-content\/uploads\/2023\/07\/iu-10-768x804.png 768w\" sizes=\"auto, (max-width: 860px) 100vw, 860px\" \/><figcaption class=\"wp-element-caption\">Isadora<\/figcaption><\/figure>\n\n\n\n<figure class=\"wp-block-image size-full\"><a href=\"https:\/\/forma.ufes.br\/jadeir-herculano-filho\/\"><img loading=\"lazy\" decoding=\"async\" width=\"2320\" height=\"2320\" data-id=\"479\" src=\"https:\/\/forma.ufes.br\/wp-content\/uploads\/2023\/11\/Jadeir.jpeg\" alt=\"\" class=\"wp-image-479\" srcset=\"https:\/\/forma.ufes.br\/2024\/wp-content\/uploads\/2023\/11\/Jadeir.jpeg 2320w, https:\/\/forma.ufes.br\/2024\/wp-content\/uploads\/2023\/11\/Jadeir-300x300.jpeg 300w, https:\/\/forma.ufes.br\/2024\/wp-content\/uploads\/2023\/11\/Jadeir-1024x1024.jpeg 1024w, https:\/\/forma.ufes.br\/2024\/wp-content\/uploads\/2023\/11\/Jadeir-150x150.jpeg 150w, https:\/\/forma.ufes.br\/2024\/wp-content\/uploads\/2023\/11\/Jadeir-768x768.jpeg 768w, https:\/\/forma.ufes.br\/2024\/wp-content\/uploads\/2023\/11\/Jadeir-1536x1536.jpeg 1536w, https:\/\/forma.ufes.br\/2024\/wp-content\/uploads\/2023\/11\/Jadeir-2048x2048.jpeg 2048w, https:\/\/forma.ufes.br\/2024\/wp-content\/uploads\/2023\/11\/Jadeir-1200x1200.jpeg 1200w, https:\/\/forma.ufes.br\/2024\/wp-content\/uploads\/2023\/11\/Jadeir-1860x1860.jpeg 1860w\" sizes=\"auto, (max-width: 2320px) 100vw, 2320px\" \/><\/a><figcaption class=\"wp-element-caption\">Jadeir<\/figcaption><\/figure>\n\n\n\n<figure class=\"wp-block-image size-full\"><a href=\"https:\/\/forma.ufes.br\/katia-cristina-de-paula\/\"><img loading=\"lazy\" decoding=\"async\" width=\"2560\" height=\"2560\" data-id=\"289\" src=\"https:\/\/forma.ufes.br\/wp-content\/uploads\/2023\/09\/Katia-Cristina-de-Paula-scaled.jpg\" alt=\"\" class=\"wp-image-289\" srcset=\"https:\/\/forma.ufes.br\/2024\/wp-content\/uploads\/2023\/09\/Katia-Cristina-de-Paula-scaled.jpg 2560w, https:\/\/forma.ufes.br\/2024\/wp-content\/uploads\/2023\/09\/Katia-Cristina-de-Paula-300x300.jpg 300w, https:\/\/forma.ufes.br\/2024\/wp-content\/uploads\/2023\/09\/Katia-Cristina-de-Paula-1024x1024.jpg 1024w, https:\/\/forma.ufes.br\/2024\/wp-content\/uploads\/2023\/09\/Katia-Cristina-de-Paula-150x150.jpg 150w, https:\/\/forma.ufes.br\/2024\/wp-content\/uploads\/2023\/09\/Katia-Cristina-de-Paula-768x768.jpg 768w, https:\/\/forma.ufes.br\/2024\/wp-content\/uploads\/2023\/09\/Katia-Cristina-de-Paula-1536x1536.jpg 1536w, https:\/\/forma.ufes.br\/2024\/wp-content\/uploads\/2023\/09\/Katia-Cristina-de-Paula-2048x2048.jpg 2048w, https:\/\/forma.ufes.br\/2024\/wp-content\/uploads\/2023\/09\/Katia-Cristina-de-Paula-1200x1200.jpg 1200w, https:\/\/forma.ufes.br\/2024\/wp-content\/uploads\/2023\/09\/Katia-Cristina-de-Paula-1860x1860.jpg 1860w\" sizes=\"auto, (max-width: 2560px) 100vw, 2560px\" \/><\/a><figcaption class=\"wp-element-caption\">K\u00e1tia Cristina<\/figcaption><\/figure>\n\n\n\n<figure class=\"wp-block-image size-full\"><a href=\"https:\/\/forma.ufes.br\/joao-pedro-hulle-gomes-de-jesus\/\"><img loading=\"lazy\" decoding=\"async\" width=\"629\" height=\"628\" data-id=\"476\" src=\"https:\/\/forma.ufes.br\/wp-content\/uploads\/2023\/11\/Joao-Pedro.jpeg\" alt=\"\" class=\"wp-image-476\" srcset=\"https:\/\/forma.ufes.br\/2024\/wp-content\/uploads\/2023\/11\/Joao-Pedro.jpeg 629w, https:\/\/forma.ufes.br\/2024\/wp-content\/uploads\/2023\/11\/Joao-Pedro-300x300.jpeg 300w, https:\/\/forma.ufes.br\/2024\/wp-content\/uploads\/2023\/11\/Joao-Pedro-150x150.jpeg 150w\" sizes=\"auto, (max-width: 629px) 100vw, 629px\" \/><\/a><figcaption class=\"wp-element-caption\">Jo\u00e3o Pedro<\/figcaption><\/figure>\n\n\n\n<figure class=\"wp-block-image size-full\"><a href=\"https:\/\/forma.ufes.br\/maria-eduarda-de-souza-silva\/\"><img loading=\"lazy\" decoding=\"async\" width=\"2389\" height=\"2389\" data-id=\"275\" src=\"https:\/\/forma.ufes.br\/wp-content\/uploads\/2023\/09\/DSC_0244-Maria-Eduarda-de-Souza-Silva.jpg\" alt=\"\" class=\"wp-image-275\" srcset=\"https:\/\/forma.ufes.br\/2024\/wp-content\/uploads\/2023\/09\/DSC_0244-Maria-Eduarda-de-Souza-Silva.jpg 2389w, https:\/\/forma.ufes.br\/2024\/wp-content\/uploads\/2023\/09\/DSC_0244-Maria-Eduarda-de-Souza-Silva-300x300.jpg 300w, https:\/\/forma.ufes.br\/2024\/wp-content\/uploads\/2023\/09\/DSC_0244-Maria-Eduarda-de-Souza-Silva-1024x1024.jpg 1024w, https:\/\/forma.ufes.br\/2024\/wp-content\/uploads\/2023\/09\/DSC_0244-Maria-Eduarda-de-Souza-Silva-150x150.jpg 150w, https:\/\/forma.ufes.br\/2024\/wp-content\/uploads\/2023\/09\/DSC_0244-Maria-Eduarda-de-Souza-Silva-768x768.jpg 768w, https:\/\/forma.ufes.br\/2024\/wp-content\/uploads\/2023\/09\/DSC_0244-Maria-Eduarda-de-Souza-Silva-1536x1536.jpg 1536w, https:\/\/forma.ufes.br\/2024\/wp-content\/uploads\/2023\/09\/DSC_0244-Maria-Eduarda-de-Souza-Silva-2048x2048.jpg 2048w, https:\/\/forma.ufes.br\/2024\/wp-content\/uploads\/2023\/09\/DSC_0244-Maria-Eduarda-de-Souza-Silva-1200x1200.jpg 1200w, https:\/\/forma.ufes.br\/2024\/wp-content\/uploads\/2023\/09\/DSC_0244-Maria-Eduarda-de-Souza-Silva-1860x1860.jpg 1860w\" sizes=\"auto, (max-width: 2389px) 100vw, 2389px\" \/><\/a><figcaption class=\"wp-element-caption\">Maria Eduarda<\/figcaption><\/figure>\n\n\n\n<figure class=\"wp-block-image size-full\"><a href=\"https:\/\/forma.ufes.br\/maria-julia-vieira-feller\/\"><img loading=\"lazy\" decoding=\"async\" width=\"2560\" height=\"2560\" data-id=\"277\" src=\"https:\/\/forma.ufes.br\/wp-content\/uploads\/2023\/09\/IMG_20230711_135516-Maria-Julia-Vieira-Feller-scaled.jpg\" alt=\"\" class=\"wp-image-277\" srcset=\"https:\/\/forma.ufes.br\/2024\/wp-content\/uploads\/2023\/09\/IMG_20230711_135516-Maria-Julia-Vieira-Feller-scaled.jpg 2560w, https:\/\/forma.ufes.br\/2024\/wp-content\/uploads\/2023\/09\/IMG_20230711_135516-Maria-Julia-Vieira-Feller-300x300.jpg 300w, https:\/\/forma.ufes.br\/2024\/wp-content\/uploads\/2023\/09\/IMG_20230711_135516-Maria-Julia-Vieira-Feller-1024x1024.jpg 1024w, https:\/\/forma.ufes.br\/2024\/wp-content\/uploads\/2023\/09\/IMG_20230711_135516-Maria-Julia-Vieira-Feller-150x150.jpg 150w, https:\/\/forma.ufes.br\/2024\/wp-content\/uploads\/2023\/09\/IMG_20230711_135516-Maria-Julia-Vieira-Feller-768x768.jpg 768w, https:\/\/forma.ufes.br\/2024\/wp-content\/uploads\/2023\/09\/IMG_20230711_135516-Maria-Julia-Vieira-Feller-1536x1536.jpg 1536w, https:\/\/forma.ufes.br\/2024\/wp-content\/uploads\/2023\/09\/IMG_20230711_135516-Maria-Julia-Vieira-Feller-2048x2048.jpg 2048w, https:\/\/forma.ufes.br\/2024\/wp-content\/uploads\/2023\/09\/IMG_20230711_135516-Maria-Julia-Vieira-Feller-1200x1200.jpg 1200w, https:\/\/forma.ufes.br\/2024\/wp-content\/uploads\/2023\/09\/IMG_20230711_135516-Maria-Julia-Vieira-Feller-1860x1860.jpg 1860w\" sizes=\"auto, (max-width: 2560px) 100vw, 2560px\" \/><\/a><figcaption class=\"wp-element-caption\">Maria Julia<\/figcaption><\/figure>\n\n\n\n<figure class=\"wp-block-image size-full\"><img loading=\"lazy\" decoding=\"async\" width=\"860\" height=\"900\" data-id=\"212\" src=\"https:\/\/forma.ufes.br\/wp-content\/uploads\/2023\/07\/iu-9.png\" alt=\"\" class=\"wp-image-212\" srcset=\"https:\/\/forma.ufes.br\/2024\/wp-content\/uploads\/2023\/07\/iu-9.png 860w, https:\/\/forma.ufes.br\/2024\/wp-content\/uploads\/2023\/07\/iu-9-287x300.png 287w, https:\/\/forma.ufes.br\/2024\/wp-content\/uploads\/2023\/07\/iu-9-768x804.png 768w\" sizes=\"auto, (max-width: 860px) 100vw, 860px\" \/><figcaption class=\"wp-element-caption\">Mariana<\/figcaption><\/figure>\n\n\n\n<figure class=\"wp-block-image size-full\"><img loading=\"lazy\" decoding=\"async\" width=\"860\" height=\"900\" data-id=\"582\" src=\"https:\/\/forma.ufes.br\/wp-content\/uploads\/2024\/05\/mateus.png\" alt=\"\" class=\"wp-image-582\" srcset=\"https:\/\/forma.ufes.br\/2024\/wp-content\/uploads\/2024\/05\/mateus.png 860w, https:\/\/forma.ufes.br\/2024\/wp-content\/uploads\/2024\/05\/mateus-287x300.png 287w, https:\/\/forma.ufes.br\/2024\/wp-content\/uploads\/2024\/05\/mateus-768x804.png 768w\" sizes=\"auto, (max-width: 860px) 100vw, 860px\" \/><figcaption class=\"wp-element-caption\">Mateus<\/figcaption><\/figure>\n\n\n\n<figure class=\"wp-block-image size-full\"><a href=\"https:\/\/forma.ufes.br\/nicolli-dos-santos-aris\/\"><img loading=\"lazy\" decoding=\"async\" width=\"288\" height=\"288\" data-id=\"272\" src=\"https:\/\/forma.ufes.br\/wp-content\/uploads\/2023\/09\/nicolli-perfil-Nicolli-dos-Santos-Aris.jpg\" alt=\"\" class=\"wp-image-272\" srcset=\"https:\/\/forma.ufes.br\/2024\/wp-content\/uploads\/2023\/09\/nicolli-perfil-Nicolli-dos-Santos-Aris.jpg 288w, https:\/\/forma.ufes.br\/2024\/wp-content\/uploads\/2023\/09\/nicolli-perfil-Nicolli-dos-Santos-Aris-150x150.jpg 150w\" sizes=\"auto, (max-width: 288px) 100vw, 288px\" \/><\/a><figcaption class=\"wp-element-caption\">Nicolli<\/figcaption><\/figure>\n\n\n\n<figure class=\"wp-block-image size-full\"><a href=\"https:\/\/forma.ufes.br\/paulo-henrique-viana-de-carvalho\/\"><img loading=\"lazy\" decoding=\"async\" width=\"1930\" height=\"1930\" data-id=\"274\" src=\"https:\/\/forma.ufes.br\/wp-content\/uploads\/2023\/09\/IMG_6092-Paulo-Henrique-Viana-de-Carvalho.jpg\" alt=\"\" class=\"wp-image-274\" srcset=\"https:\/\/forma.ufes.br\/2024\/wp-content\/uploads\/2023\/09\/IMG_6092-Paulo-Henrique-Viana-de-Carvalho.jpg 1930w, https:\/\/forma.ufes.br\/2024\/wp-content\/uploads\/2023\/09\/IMG_6092-Paulo-Henrique-Viana-de-Carvalho-300x300.jpg 300w, https:\/\/forma.ufes.br\/2024\/wp-content\/uploads\/2023\/09\/IMG_6092-Paulo-Henrique-Viana-de-Carvalho-1024x1024.jpg 1024w, https:\/\/forma.ufes.br\/2024\/wp-content\/uploads\/2023\/09\/IMG_6092-Paulo-Henrique-Viana-de-Carvalho-150x150.jpg 150w, https:\/\/forma.ufes.br\/2024\/wp-content\/uploads\/2023\/09\/IMG_6092-Paulo-Henrique-Viana-de-Carvalho-768x768.jpg 768w, https:\/\/forma.ufes.br\/2024\/wp-content\/uploads\/2023\/09\/IMG_6092-Paulo-Henrique-Viana-de-Carvalho-1536x1536.jpg 1536w, https:\/\/forma.ufes.br\/2024\/wp-content\/uploads\/2023\/09\/IMG_6092-Paulo-Henrique-Viana-de-Carvalho-1200x1200.jpg 1200w, https:\/\/forma.ufes.br\/2024\/wp-content\/uploads\/2023\/09\/IMG_6092-Paulo-Henrique-Viana-de-Carvalho-1860x1860.jpg 1860w\" sizes=\"auto, (max-width: 1930px) 100vw, 1930px\" \/><\/a><figcaption class=\"wp-element-caption\">Paulo Henrique<\/figcaption><\/figure>\n\n\n\n<figure class=\"wp-block-image size-full\"><a href=\"https:\/\/forma.ufes.br\/pedro-henrique-pereira-de-alcantara\/\"><img loading=\"lazy\" decoding=\"async\" width=\"716\" height=\"716\" data-id=\"452\" src=\"https:\/\/forma.ufes.br\/wp-content\/uploads\/2023\/10\/PA.jpg\" alt=\"\" class=\"wp-image-452\" srcset=\"https:\/\/forma.ufes.br\/2024\/wp-content\/uploads\/2023\/10\/PA.jpg 716w, https:\/\/forma.ufes.br\/2024\/wp-content\/uploads\/2023\/10\/PA-300x300.jpg 300w, https:\/\/forma.ufes.br\/2024\/wp-content\/uploads\/2023\/10\/PA-150x150.jpg 150w\" sizes=\"auto, (max-width: 716px) 100vw, 716px\" \/><\/a><figcaption class=\"wp-element-caption\">Pedro Henrique<\/figcaption><\/figure>\n\n\n\n<figure class=\"wp-block-image size-full\"><a href=\"https:\/\/forma.ufes.br\/sobre\/yasmim-valadao-silva-heiderick\/\"><img loading=\"lazy\" decoding=\"async\" width=\"775\" height=\"775\" data-id=\"242\" src=\"https:\/\/forma.ufes.br\/wp-content\/uploads\/2023\/09\/20230321_103141-Yasmim-Valadao-Silva-Heiderick-e1693586852125.jpg\" alt=\"\" class=\"wp-image-242\" srcset=\"https:\/\/forma.ufes.br\/2024\/wp-content\/uploads\/2023\/09\/20230321_103141-Yasmim-Valadao-Silva-Heiderick-e1693586852125.jpg 775w, https:\/\/forma.ufes.br\/2024\/wp-content\/uploads\/2023\/09\/20230321_103141-Yasmim-Valadao-Silva-Heiderick-e1693586852125-300x300.jpg 300w, https:\/\/forma.ufes.br\/2024\/wp-content\/uploads\/2023\/09\/20230321_103141-Yasmim-Valadao-Silva-Heiderick-e1693586852125-150x150.jpg 150w, https:\/\/forma.ufes.br\/2024\/wp-content\/uploads\/2023\/09\/20230321_103141-Yasmim-Valadao-Silva-Heiderick-e1693586852125-768x768.jpg 768w\" sizes=\"auto, (max-width: 775px) 100vw, 775px\" \/><\/a><figcaption class=\"wp-element-caption\">Yasmim<\/figcaption><\/figure>\n<\/figure>\n\n\n\n<h2 class=\"wp-block-heading\">Egressos (2022-2023)<\/h2>\n\n\n\n<ul class=\"wp-block-list\">\n<li><a href=\"https:\/\/forma.ufes.br\/alessandra-nascimento-belo\/\" data-type=\"page\" data-id=\"267\">Alessandra Nascimento Belo<\/a><\/li>\n\n\n\n<li><a href=\"https:\/\/forma.ufes.br\/arthur-firmino-barbosa\/\" data-type=\"page\" data-id=\"484\">Arthur Firmino Barbosa<\/a><\/li>\n\n\n\n<li><a href=\"https:\/\/forma.ufes.br\/dara-morati-lopes\/\" data-type=\"page\" data-id=\"299\">Dara Morati Lopes<\/a><\/li>\n\n\n\n<li><a href=\"https:\/\/forma.ufes.br\/helyza-teixeira-mattos\/\" data-type=\"page\" data-id=\"349\">Helyza Teixeira Mattos<\/a><\/li>\n\n\n\n<li><a href=\"https:\/\/forma.ufes.br\/jessica-felix-de-souza-norete\/\" data-type=\"page\" data-id=\"314\">J\u00e9ssica Felix de Souza Norete<\/a><\/li>\n\n\n\n<li><a href=\"https:\/\/forma.ufes.br\/lorena-coelho-de-oliveira\/\" data-type=\"page\" data-id=\"347\">Lorena Coelho de Oliveira<\/a><\/li>\n\n\n\n<li><a href=\"https:\/\/forma.ufes.br\/matheus-reinholz-lepaus-cruz\/\" data-type=\"page\" data-id=\"254\">Matheus Reinholz Lepaus Cruz<\/a><\/li>\n\n\n\n<li><a href=\"https:\/\/forma.ufes.br\/paulo-henrique-viana-de-carvalho\/\" data-type=\"page\" data-id=\"324\">Paulo Henrique Viana de Carvalho<\/a><\/li>\n\n\n\n<li><a href=\"https:\/\/forma.ufes.br\/pedro-otavio-de-lima-grassi\/\" data-type=\"page\" data-id=\"326\">Pedro Ot\u00e1vio de Lima Grassi<\/a><\/li>\n<\/ul>\n","protected":false},"excerpt":{"rendered":"<p>O Grupo de Pesquisa em Formaliza\u00e7\u00f5es Matem\u00e1ticas da Cogni\u00e7\u00e3o e Design (Forma) consiste em grupo de pesquisa interdepartamental que tem como objetivo pesquisar teorias, modelos e formaliza\u00e7\u00f5es matem\u00e1ticas da cogni\u00e7\u00e3o humana e suas aplica\u00e7\u00f5es ao design de intera\u00e7\u00e3o humano-computador. Trata-se da quarta itera\u00e7\u00e3o das pesquisas iniciadas pelo N\u00facleo de Interfaces Computacionais (2009-2012), seguidas pelo Laborat\u00f3rio [&hellip;]<\/p>\n","protected":false},"author":1,"featured_media":447,"parent":0,"menu_order":0,"comment_status":"closed","ping_status":"closed","template":"","meta":{"footnotes":""},"class_list":["post-6","page","type-page","status-publish","has-post-thumbnail","hentry","has-thumbnail"],"_links":{"self":[{"href":"https:\/\/forma.ufes.br\/2024\/wp-json\/wp\/v2\/pages\/6","targetHints":{"allow":["GET"]}}],"collection":[{"href":"https:\/\/forma.ufes.br\/2024\/wp-json\/wp\/v2\/pages"}],"about":[{"href":"https:\/\/forma.ufes.br\/2024\/wp-json\/wp\/v2\/types\/page"}],"author":[{"embeddable":true,"href":"https:\/\/forma.ufes.br\/2024\/wp-json\/wp\/v2\/users\/1"}],"replies":[{"embeddable":true,"href":"https:\/\/forma.ufes.br\/2024\/wp-json\/wp\/v2\/comments?post=6"}],"version-history":[{"count":40,"href":"https:\/\/forma.ufes.br\/2024\/wp-json\/wp\/v2\/pages\/6\/revisions"}],"predecessor-version":[{"id":583,"href":"https:\/\/forma.ufes.br\/2024\/wp-json\/wp\/v2\/pages\/6\/revisions\/583"}],"wp:featuredmedia":[{"embeddable":true,"href":"https:\/\/forma.ufes.br\/2024\/wp-json\/wp\/v2\/media\/447"}],"wp:attachment":[{"href":"https:\/\/forma.ufes.br\/2024\/wp-json\/wp\/v2\/media?parent=6"}],"curies":[{"name":"wp","href":"https:\/\/api.w.org\/{rel}","templated":true}]}}